{"id":31630,"date":"2025-02-26T20:59:04","date_gmt":"2025-02-26T19:59:04","guid":{"rendered":"https:\/\/efaktura.nl\/?page_id=31630"},"modified":"2025-07-18T15:36:16","modified_gmt":"2025-07-18T13:36:16","slug":"faktury","status":"publish","type":"page","link":"https:\/\/efaktura.nl\/pl\/faktury\/","title":{"rendered":"Faktury"},"content":{"rendered":"\n<div class=\"wp-block-group has-white-background-color has-background\"><div class=\"wp-block-group__inner-container is-layout-constrained wp-block-group-is-layout-constrained\">\n<div class=\"wp-block-columns is-layout-flex wp-container-core-columns-is-layout-8f761849 wp-block-columns-is-layout-flex\">\n<div class=\"wp-block-column is-layout-flow wp-block-column-is-layout-flow\" style=\"--col-width:40%;flex-basis:40%\">\n<h1 class=\"wp-block-heading has-text-align-left\">Wystawianie faktur to najprzyjemniejsza cz\u0119\u015b\u0107 prowadzenia firmy!<\/h1>\n\n\n\n<div style=\"height:45px\" aria-hidden=\"true\" class=\"wp-block-spacer\"><\/div>\n\n\n<div class=\"wp-block-image is-style-default ticss-df984d65\">\n<figure class=\"aligncenter size-full\"><img loading=\"lazy\" decoding=\"async\" width=\"661\" height=\"661\" src=\"https:\/\/efaktura.nl\/wp-content\/uploads\/mmb2.png\" alt=\"Szybkie wystawianie faktur w Holandii\" class=\"wp-image-31898\" srcset=\"https:\/\/efaktura.nl\/wp-content\/uploads\/mmb2.png 661w, https:\/\/efaktura.nl\/wp-content\/uploads\/mmb2-300x300.png 300w, https:\/\/efaktura.nl\/wp-content\/uploads\/mmb2-150x150.png 150w, https:\/\/efaktura.nl\/wp-content\/uploads\/mmb2-500x500.png 500w\" sizes=\"auto, (max-width: 661px) 100vw, 661px\" \/><\/figure>\n<\/div>\n\n\n<div style=\"height:45px\" aria-hidden=\"true\" class=\"wp-block-spacer ticss-cb65071e\"><\/div>\n\n\n\n<h2 class=\"wp-block-heading has-text-align-left ticss-2e0fcdd5\" style=\"font-size:22px\">U\u017cywaj mobilnie<\/h2>\n\n\n\n<p class=\"has-text-align-left wp-block-paragraph\">Wystawiaj i wysy\u0142aj tak, jak lubisz \u2013 z aplikacji w telefonie i w przegl\u0105darce komputera.<\/p>\n\n\n\n<div style=\"height:20px\" aria-hidden=\"true\" class=\"wp-block-spacer\"><\/div>\n\n\n\n<h2 class=\"wp-block-heading has-text-align-left ticss-165851c0\" style=\"font-size:22px\">Fakturuj w swoim j\u0119zyku<\/h2>\n\n\n\n<p class=\"has-text-align-left wp-block-paragraph\">Korzystaj z aplikacji w swoim j\u0119zyku, a asystent AI przet\u0142umaczy wszystko za Ciebie.<\/p>\n\n\n\n<div style=\"height:20px\" aria-hidden=\"true\" class=\"wp-block-spacer\"><\/div>\n\n\n\n<h2 class=\"wp-block-heading has-text-align-left ticss-49e73681\" style=\"font-size:22px\">Faktury dla ka\u017cdego<\/h2>\n\n\n\n<p class=\"has-text-align-left wp-block-paragraph\">Idealny system dla jednoosobowej dzia\u0142alno\u015bci z VAT i bez VAT oraz sp\u00f3\u0142ek.<\/p>\n\n\n\n<div style=\"height:20px\" aria-hidden=\"true\" class=\"wp-block-spacer\"><\/div>\n\n\n\n<div class=\"wp-block-buttons ticss-62e9f20f is-content-justification-left is-layout-flex wp-container-core-buttons-is-layout-63375db1 wp-block-buttons-is-layout-flex\">\n<div class=\"wp-block-button\"><a class=\"wp-block-button__link wp-element-button\" href=\"https:\/\/app.efaktura.nl\/?lang=pl\/#\/register\">CHC\u0118 WYSTAWI\u0106 FAKTUR\u0118<\/a><\/div>\n<\/div>\n<\/div>\n\n\n\n<div class=\"wp-block-column is-layout-flow wp-block-column-is-layout-flow\" style=\"--col-width:10%;flex-basis:10%\"><\/div>\n\n\n\n<div class=\"wp-block-column ticss-ab872cdb is-layout-flow wp-block-column-is-layout-flow\" style=\"--col-width:50%;flex-basis:50%\"><div class=\"wp-block-image\">\n<figure class=\"aligncenter size-full\"><img loading=\"lazy\" decoding=\"async\" width=\"661\" height=\"661\" src=\"https:\/\/efaktura.nl\/wp-content\/uploads\/mmb2.png\" alt=\"Szybkie wystawianie faktur w Holandii\" class=\"wp-image-31898\" srcset=\"https:\/\/efaktura.nl\/wp-content\/uploads\/mmb2.png 661w, https:\/\/efaktura.nl\/wp-content\/uploads\/mmb2-300x300.png 300w, https:\/\/efaktura.nl\/wp-content\/uploads\/mmb2-150x150.png 150w, https:\/\/efaktura.nl\/wp-content\/uploads\/mmb2-500x500.png 500w\" sizes=\"auto, (max-width: 661px) 100vw, 661px\" \/><\/figure>\n<\/div><\/div>\n<\/div>\n<\/div><\/div>\n\n\n\n<div class=\"wp-block-group has-background\" style=\"background-color:#f2f2f2\"><div class=\"wp-block-group__inner-container is-layout-constrained wp-block-group-is-layout-constrained\">\n<div class=\"wp-block-columns is-layout-flex wp-container-core-columns-is-layout-8f761849 wp-block-columns-is-layout-flex\">\n<div class=\"wp-block-column is-layout-flow wp-block-column-is-layout-flow\" style=\"--col-width:100%;flex-basis:100%\">\n<p class=\"has-text-align-center wp-block-paragraph\">PROSTO I POPRAWNIE<\/p>\n\n\n\n<h2 class=\"wp-block-heading has-text-align-center\">Wystawiaj faktury w Holandii, Belgii i Niemczech<\/h2>\n\n\n\n<p class=\"has-text-align-center wp-block-paragraph\">Przelicznik walutowy, wirtualny asystent eFakturAI, baza danych, <br>format e-faktury &#8211; wszystko w jednej aplikacji.<\/p>\n\n\n\n<div style=\"height:55px\" aria-hidden=\"true\" class=\"wp-block-spacer\"><\/div>\n\n\n\n<div class=\"wp-block-columns is-layout-flex wp-container-core-columns-is-layout-8f761849 wp-block-columns-is-layout-flex\">\n<div class=\"wp-block-column is-layout-flow wp-block-column-is-layout-flow\"><div class=\"wp-block-image ticss-a2bfb979\">\n<figure class=\"aligncenter size-large is-resized\"><img loading=\"lazy\" decoding=\"async\" width=\"123\" height=\"94\" src=\"https:\/\/efaktura.nl\/wp-content\/uploads\/fv2.svg\" alt=\"Przedsi\u0119biorczo\u015b\u0107 bez barier\nj\u0119zykowych\" class=\"wp-image-31650\" style=\"width:auto;height:141px\"\/><\/figure>\n<\/div>\n\n\n<div style=\"height:35px\" aria-hidden=\"true\" class=\"wp-block-spacer\"><\/div>\n\n\n\n<h3 class=\"wp-block-heading has-text-align-center\">Przedsi\u0119biorczo\u015b\u0107 bez barier<br>j\u0119zykowych<\/h3>\n\n\n\n<p class=\"has-text-align-center wp-block-paragraph\">J\u0119zyk nie stanowi przeszkody dla rozwoju Twojej firmy, kiedy korzystasz z eFaktura.nl.&nbsp;<\/p>\n<\/div>\n\n\n\n<div class=\"wp-block-column is-vertically-aligned-center is-layout-flow wp-block-column-is-layout-flow\"><div class=\"wp-block-image ticss-a1e2ae23\">\n<figure class=\"aligncenter size-large is-resized\"><img loading=\"lazy\" decoding=\"async\" width=\"377\" height=\"145\" src=\"https:\/\/efaktura.nl\/wp-content\/uploads\/fv3.svg\" alt=\"U\u0142atwiamy prowadzenie firmy\nzagranic\u0105\" class=\"wp-image-31668\" style=\"width:auto;height:141px\"\/><\/figure>\n<\/div>\n\n\n<div style=\"height:35px\" aria-hidden=\"true\" class=\"wp-block-spacer\"><\/div>\n\n\n\n<h3 class=\"wp-block-heading has-text-align-center\">U\u0142atwiamy prowadzenie firmy<br>zagranic\u0105<\/h3>\n\n\n\n<p class=\"has-text-align-center wp-block-paragraph\">Aplikacja jest zawsze na bie\u017c\u0105co z wymaganiami skarbowymi kraju, w kt\u00f3rym pracujesz.<\/p>\n<\/div>\n<\/div>\n<\/div>\n<\/div>\n<\/div><\/div>\n\n\n\n<div class=\"wp-block-group\"><div class=\"wp-block-group__inner-container is-layout-constrained wp-block-group-is-layout-constrained\">\n<div class=\"wp-block-columns is-layout-flex wp-container-core-columns-is-layout-8f761849 wp-block-columns-is-layout-flex\">\n<div class=\"wp-block-column is-vertically-aligned-center tablethide is-layout-flow wp-block-column-is-layout-flow\" style=\"--col-width:27%;flex-basis:27%\">\n<div class=\"wp-block-columns is-not-stacked-on-mobile is-layout-flex wp-container-core-columns-is-layout-8f761849 wp-block-columns-is-layout-flex\">\n<div class=\"wp-block-column is-layout-flow wp-block-column-is-layout-flow\" style=\"--col-width:100%;flex-basis:100%\"><div class=\"wp-block-image ticss-b62a3bf7\">\n<figure class=\"alignright size-full is-resized\" data-aos=\"zoom-in\" data-aos-duration=\"1000\"><img loading=\"lazy\" decoding=\"async\" width=\"80\" height=\"37\" src=\"https:\/\/efaktura.nl\/wp-content\/uploads\/next-arrow1.png\" alt=\"\" class=\"wp-image-31968\" style=\"width:60px\"\/><\/figure>\n<\/div>\n\n\n<div style=\"height:10px\" aria-hidden=\"true\" class=\"wp-block-spacer\"><\/div>\n\n\n\n<h2 class=\"wp-block-heading has-text-align-right odreczny has-bigest-font-size\">Zawsze jest dobry moment, \u017ceby zacz\u0105\u0107<\/h2>\n\n\n\n<p class=\"has-text-align-right wp-block-paragraph\">Rozpocznij wystawianie faktur w dowolnym momencie roku!<\/p>\n\n\n\n<p class=\"has-text-align-right wp-block-paragraph\">Ustaw numer i kontynuuj <br>fakturowanie!<br><\/p>\n<\/div>\n<\/div>\n<\/div>\n\n\n\n<div class=\"wp-block-column is-layout-flow wp-block-column-is-layout-flow\">\n<h2 class=\"wp-block-heading has-text-align-center has-bigest-font-size\">Faktury doskona\u0142e!<\/h2>\n\n\n\n<p class=\"has-text-align-center wp-block-paragraph\">Zadbali\u015bmy o to, \u017ceby faktury spe\u0142nia\u0142y wszystkie kryteria poprawno\u015bci skarbowej kraju, w kt\u00f3rym prowadzisz dzia\u0142alno\u015b\u0107.<\/p>\n\n\n\n<div style=\"height:60px\" aria-hidden=\"true\" class=\"wp-block-spacer\"><\/div>\n\n\n\n<div class=\"wp-block-columns is-not-stacked-on-mobile desktophide is-layout-flex wp-container-core-columns-is-layout-8f761849 wp-block-columns-is-layout-flex\">\n<div class=\"wp-block-column is-vertically-aligned-bottom is-layout-flow wp-block-column-is-layout-flow\">\n<h2 class=\"wp-block-heading has-text-align-center odreczny has-bigest-font-size\">Zawsze jest dobry moment, \u017ceby zacz\u0105\u0107<\/h2>\n\n\n\n<p class=\"has-text-align-center wp-block-paragraph\">Rozpocznij wystawianie faktur w dowolnym momencie roku!<\/p>\n\n\n\n<p class=\"has-text-align-center wp-block-paragraph\">Ustaw numer i kontynuuj fakturowanie!<\/p>\n\n\n<div class=\"wp-block-image obrot\">\n<figure class=\"aligncenter size-full is-resized\" data-aos=\"zoom-in\"><img loading=\"lazy\" decoding=\"async\" width=\"108\" height=\"85\" src=\"http:\/\/efaktura.nl\/wp-content\/uploads\/arrow-inv-left.png\" alt=\"\" class=\"wp-image-8680\" style=\"width:60px\"\/><\/figure>\n<\/div><\/div>\n\n\n\n<div class=\"wp-block-column is-vertically-aligned-bottom is-layout-flow wp-block-column-is-layout-flow\">\n<h2 class=\"wp-block-heading has-text-align-center odreczny has-bigest-font-size\">Wyr\u00f3\u017cnij si\u0119<\/h2>\n\n\n\n<p class=\"has-text-align-center wp-block-paragraph\">Wiesz, \u017ce profesjonalna faktura to element wizerunku Twojej firmy?<\/p>\n\n\n\n<p class=\"has-text-align-center wp-block-paragraph\">Mamy miejsce na Twoje logo!<\/p>\n\n\n<div class=\"wp-block-image obrot2\">\n<figure class=\"aligncenter size-full is-resized\" data-aos=\"zoom-in\" data-aos-duration=\"1000\"><img loading=\"lazy\" decoding=\"async\" width=\"108\" height=\"85\" src=\"http:\/\/efaktura.nl\/wp-content\/uploads\/arrow-inv-right.png\" alt=\"\" class=\"wp-image-8681\" style=\"width:60px\"\/><\/figure>\n<\/div><\/div>\n<\/div>\n\n\n<div class=\"wp-block-image\">\n<figure class=\"aligncenter size-full\" id=\"faktura\"><img loading=\"lazy\" decoding=\"async\" width=\"756\" height=\"1069\" src=\"https:\/\/efaktura.nl\/wp-content\/uploads\/fv25_1_2.jpg\" alt=\"Faktura\" class=\"wp-image-31806\" srcset=\"https:\/\/efaktura.nl\/wp-content\/uploads\/fv25_1_2.jpg 756w, https:\/\/efaktura.nl\/wp-content\/uploads\/fv25_1_2-212x300.jpg 212w, https:\/\/efaktura.nl\/wp-content\/uploads\/fv25_1_2-724x1024.jpg 724w, https:\/\/efaktura.nl\/wp-content\/uploads\/fv25_1_2-354x500.jpg 354w\" sizes=\"auto, (max-width: 756px) 100vw, 756px\" \/><\/figure>\n<\/div>\n\n\n<div class=\"wp-block-columns is-not-stacked-on-mobile desktophide is-layout-flex wp-container-core-columns-is-layout-8f761849 wp-block-columns-is-layout-flex\">\n<div class=\"wp-block-column is-vertically-aligned-bottom is-layout-flow wp-block-column-is-layout-flow\"><div class=\"wp-block-image ticss-fc807b19\">\n<figure class=\"aligncenter size-full is-resized\" data-aos=\"zoom-in\" data-aos-duration=\"1000\"><img loading=\"lazy\" decoding=\"async\" width=\"108\" height=\"85\" src=\"http:\/\/efaktura.nl\/wp-content\/uploads\/arrow-inv-right.png\" alt=\"\" class=\"wp-image-8681\" style=\"width:60px\" title=\"\"\/><\/figure>\n<\/div>\n\n\n<h2 class=\"wp-block-heading has-text-align-center odreczny has-bigest-font-size\">Twoje faktury p\u0142aci si\u0119 wygodnie<\/h2>\n\n\n\n<p class=\"has-text-align-center wp-block-paragraph\">Kod EPC QR przyspiesza p\u0142atno\u015bci.<\/p>\n<\/div>\n<\/div>\n\n\n\n<div style=\"height:25px\" aria-hidden=\"true\" class=\"wp-block-spacer\"><\/div>\n<\/div>\n\n\n\n<div class=\"wp-block-column is-vertically-aligned-center tablethide is-layout-flow wp-block-column-is-layout-flow\" style=\"--col-width:27%;flex-basis:27%\">\n<div class=\"wp-block-columns are-vertically-aligned-top is-not-stacked-on-mobile tablethide is-layout-flex wp-container-core-columns-is-layout-8f761849 wp-block-columns-is-layout-flex\">\n<div class=\"wp-block-column is-vertically-aligned-top is-layout-flow wp-block-column-is-layout-flow\" style=\"--col-width:75%;flex-basis:75%\">\n<div style=\"height:235px\" aria-hidden=\"true\" class=\"wp-block-spacer\"><\/div>\n\n\n\n<figure class=\"wp-block-image size-full is-resized ticss-1aeb9cfc\" data-aos=\"zoom-in\" data-aos-duration=\"1000\"><img loading=\"lazy\" decoding=\"async\" width=\"82\" height=\"34\" src=\"https:\/\/efaktura.nl\/wp-content\/uploads\/nextarrow2.png\" alt=\"\" class=\"wp-image-31977\" style=\"width:60px\"\/><\/figure>\n\n\n\n<h2 class=\"wp-block-heading odreczny has-bigest-font-size\">Wyr\u00f3\u017cnij si\u0119<\/h2>\n\n\n\n<p class=\"wp-block-paragraph\">Wiesz, \u017ce profesjonalna faktura to element wizerunku Twojej firmy?<\/p>\n\n\n\n<p class=\"wp-block-paragraph\">Mamy miejsce na Twoje logo! Dodatkowo wybierz jeden z siedmiu szablon\u00f3w kolorystycznych.<\/p>\n<\/div>\n<\/div>\n\n\n\n<div style=\"height:215px\" aria-hidden=\"true\" class=\"wp-block-spacer\"><\/div>\n\n\n\n<div class=\"wp-block-columns are-vertically-aligned-top is-not-stacked-on-mobile tablethide is-layout-flex wp-container-core-columns-is-layout-8f761849 wp-block-columns-is-layout-flex\">\n<div class=\"wp-block-column is-vertically-aligned-top is-layout-flow wp-block-column-is-layout-flow\" style=\"--col-width:75%;flex-basis:75%\">\n<figure class=\"wp-block-image size-full is-resized ticss-2fe1597c\" data-aos=\"zoom-in\" data-aos-duration=\"1000\"><img loading=\"lazy\" decoding=\"async\" width=\"82\" height=\"34\" src=\"https:\/\/efaktura.nl\/wp-content\/uploads\/nextarrow2.png\" alt=\"\" class=\"wp-image-31977\" style=\"width:60px\"\/><\/figure>\n\n\n\n<h2 class=\"wp-block-heading odreczny has-bigest-font-size\">Twoje faktury p\u0142aci si\u0119 wygodnie<\/h2>\n\n\n\n<p class=\"wp-block-paragraph\">Kod EPC QR przyspiesza p\u0142atno\u015bci.<\/p>\n<\/div>\n<\/div>\n<\/div>\n<\/div>\n\n\n\n<div class=\"wp-block-columns ticss-125645d2 is-layout-flex wp-container-core-columns-is-layout-8f761849 wp-block-columns-is-layout-flex\">\n<div class=\"wp-block-column is-layout-flow wp-block-column-is-layout-flow\" style=\"--col-width:55%;flex-basis:55%\">\n<h3 class=\"wp-block-heading\">J\u0119zyk obcy nie tak obcy<\/h3>\n\n\n\n<p class=\"wp-block-paragraph\">Wystawiaj faktury dla klient\u00f3w m\u00f3wi\u0105cych po angielsku, niemiecku, niderlandzku, francusku, czy polsku.<\/p>\n<\/div>\n\n\n\n<div class=\"wp-block-column is-layout-flow wp-block-column-is-layout-flow\" style=\"--col-width:45%;flex-basis:45%\">\n<p class=\"has-text-align-right green zmien wp-block-paragraph\">ZOBACZ FAKTUR\u0118 W WERSJI<br> <span class=\"jez\"><strong> <a class=\"de2\" href=\"#fakutra\" style=\"color: #85BA2C;\">DE<\/a> <\/strong>|<strong> <a class=\"fr2\" href=\"#fakutra\" style=\"color: #85BA2C;\">FR<\/a> <\/strong>|<strong> <a class=\"en2\" href=\"#fakutra\" style=\"color: #85BA2C;\">EN<\/a> <\/strong>|<strong> <a class=\"pl2\" href=\"#fakutra\" style=\"color: #85BA2C;\">PL<\/a> <\/strong>|<strong> <a class=\"nl2\" href=\"#fakutra\" style=\"color: #85BA2C;\">NL<\/a> <\/strong><\/span><\/p>\n<\/div>\n<\/div>\n\n\n\n<div style=\"height:50px\" aria-hidden=\"true\" class=\"wp-block-spacer\"><\/div>\n\n\n\n<div class=\"wp-block-buttons is-content-justification-center is-layout-flex wp-container-core-buttons-is-layout-fe48e5de wp-block-buttons-is-layout-flex\">\n<div class=\"wp-block-button\"><a class=\"wp-block-button__link has-text-align-center wp-element-button\" href=\"https:\/\/app.efaktura.nl\/?lang=pl\/#\/register\" target=\"_blank\" rel=\"noreferrer noopener\">CHC\u0118 WYSTAWI\u0106 FAKTUR\u0118<\/a><\/div>\n<\/div>\n\n\n\n<div style=\"height:50px\" aria-hidden=\"true\" class=\"wp-block-spacer\"><\/div>\n<\/div><\/div>\n\n\n\n<div class=\"wp-block-columns ticss-20e3af43 has-background is-layout-flex wp-container-core-columns-is-layout-437b9673 wp-block-columns-is-layout-flex\" style=\"background-color:#ebebeb;padding-top:var(--wp--preset--spacing--50);padding-bottom:var(--wp--preset--spacing--50)\">\n<div class=\"wp-block-column is-layout-flow wp-block-column-is-layout-flow\">\n<div class=\"wp-block-columns is-layout-flex wp-container-core-columns-is-layout-8f761849 wp-block-columns-is-layout-flex\">\n<div class=\"wp-block-column is-layout-flow wp-block-column-is-layout-flow\" style=\"--col-width:100px;flex-basis:100px\">\n<figure class=\"wp-block-image size-full\"><img loading=\"lazy\" decoding=\"async\" width=\"100\" height=\"165\" src=\"https:\/\/efaktura.nl\/wp-content\/uploads\/fv4.png\" alt=\"Zarz\u0105dzanie firm\u0105 w Holandii\" class=\"wp-image-31700\"\/><\/figure>\n<\/div>\n\n\n\n<div class=\"wp-block-column is-layout-flow wp-block-column-is-layout-flow\">\n<h3 class=\"wp-block-heading\">Ty tu rz\u0105dzisz<\/h3>\n\n\n\n<p class=\"wp-block-paragraph\">Z eFaktura.nl zapanujesz nad firmow\u0105 administracj\u0105 i b\u0119dziesz cieszy\u0107 si\u0119 samodzielno\u015bci\u0105 i niezale\u017cno\u015bci\u0105!<br><br>Fakturuj kiedy chcesz, z odpowiednimi stawkami VAT i VAT odwr\u00f3conym. Koryguj faktury, wystawiaj podobne i wysy\u0142aj prosto z aplikacji. Tutaj wszystko zale\u017cy od Ciebie!<\/p>\n<\/div>\n<\/div>\n<\/div>\n\n\n\n<div class=\"wp-block-column is-layout-flow wp-block-column-is-layout-flow\">\n<div class=\"wp-block-columns is-layout-flex wp-container-core-columns-is-layout-8f761849 wp-block-columns-is-layout-flex\">\n<div class=\"wp-block-column is-layout-flow wp-block-column-is-layout-flow\" style=\"--col-width:100px;flex-basis:100px\">\n<figure class=\"wp-block-image size-full\"><img loading=\"lazy\" decoding=\"async\" width=\"66\" height=\"88\" src=\"https:\/\/efaktura.nl\/wp-content\/uploads\/fv5.png\" alt=\"Bezpiecze\u0144stwo danych\" class=\"wp-image-31709\"\/><\/figure>\n<\/div>\n\n\n\n<div class=\"wp-block-column is-layout-flow wp-block-column-is-layout-flow\">\n<h3 class=\"wp-block-heading\">Czuj si\u0119 bezpiecznie<\/h3>\n\n\n\n<p class=\"wp-block-paragraph\">System eFaktura spe\u0142nia najwy\u017csze standardy bezpiecze\u0144stwa przechowywania danych.<br><br>Przez kolejnych 10 lat b\u0119dziemy przechowywa\u0107 Twoje dokumenty za Ciebie, bo bezpiecze\u0144stwo danych jest dla nas najwa\u017cniejsze.<\/p>\n<\/div>\n<\/div>\n<\/div>\n<\/div>\n\n\n\n<div style=\"height:100px\" aria-hidden=\"true\" class=\"wp-block-spacer\"><\/div>\n\n\n\n<div class=\"wp-block-group has-white-color has-text-color has-background\" style=\"background-color:#635c71\"><div class=\"wp-block-group__inner-container is-layout-constrained wp-block-group-is-layout-constrained\">\n<div class=\"wp-block-columns is-layout-flex wp-container-core-columns-is-layout-8f761849 wp-block-columns-is-layout-flex\">\n<div class=\"wp-block-column is-layout-flow wp-block-column-is-layout-flow\" style=\"--col-width:100%;flex-basis:100%\">\n<p class=\"has-text-align-center center wp-block-paragraph\">APLIKACJA ELASTYCZNA JAK TY<\/p>\n\n\n\n<h2 class=\"wp-block-heading has-text-align-center center\">Faktury dla firm na A1<\/h2>\n\n\n\n<div style=\"height:65px\" aria-hidden=\"true\" class=\"wp-block-spacer\"><\/div>\n\n\n\n<div class=\"wp-block-columns alignwide ticss-8ce0df3b is-layout-flex wp-container-core-columns-is-layout-8f761849 wp-block-columns-is-layout-flex\">\n<div class=\"wp-block-column is-layout-flow wp-block-column-is-layout-flow\" style=\"--col-width:45%;flex-basis:45%\">\n<p class=\"wp-block-paragraph\">Mo\u017cesz swobodnie prowadzi\u0107 interesy w Holandii, Belgii lub Niemczech maj\u0105c zarejestrowan\u0105 firm\u0119 w innym kraju.&nbsp;<br><br>Korzystaj\u0105c z A1 wystawiaj faktury wed\u0142ug obowi\u0105zuj\u0105cych przepis\u00f3w, w j\u0119zyku klienta.<\/p>\n<\/div>\n\n\n\n<div class=\"wp-block-column is-layout-flow wp-block-column-is-layout-flow\" style=\"--col-width:55%;flex-basis:55%\"><div class=\"wp-block-image\">\n<figure class=\"aligncenter size-large\"><img loading=\"lazy\" decoding=\"async\" width=\"553\" height=\"178\" src=\"https:\/\/efaktura.nl\/wp-content\/uploads\/maps-fv.svg\" alt=\"Holandia, Niemcy, Belgia\" class=\"wp-image-31722\"\/><\/figure>\n<\/div><\/div>\n<\/div>\n<\/div>\n<\/div>\n<\/div><\/div>\n\n\n\n<div style=\"height:100px\" aria-hidden=\"true\" class=\"wp-block-spacer\"><\/div>\n\n\n\n<p class=\"has-text-align-center wp-block-paragraph\">WIEDZA TO KLUCZ DO SUKCESU<\/p>\n\n\n\n<h2 class=\"wp-block-heading has-text-align-center\">Wystawiaj faktury jak ekspert!<\/h2>\n\n\n\n<div style=\"height:30px\" aria-hidden=\"true\" class=\"wp-block-spacer\"><\/div>\n\n\n\n<div class=\"wp-block-group is-content-justification-left is-nowrap is-layout-flex wp-container-core-group-is-layout-14d7fe8f wp-block-group-is-layout-flex\">\n<div class=\"wp-block-columns scroller scroll-list videolist is-layout-flex wp-container-core-columns-is-layout-8f761849 wp-block-columns-is-layout-flex\" id=\"scroller1\">\n<div class=\"wp-block-column is-layout-flow wp-block-column-is-layout-flow\">\n<figure style=\"--byeb--aspect-ratio:177.78%\" class=\"wp-block-boldblocks-youtube-block\"><div id=\"yb-video-ny-Rijox0_E\" class=\"yb-player\" data-video-id=\"ny-Rijox0_E\" data-title=\"Play\" style=\"background-image:url(https:\/\/efaktura.nl\/wp-content\/uploads\/faktura-short-1-1.png)\"><button type=\"button\" class=\"yb-btn-play\"><span class=\"visually-hidden\">Play<\/span><\/button><\/div><figcaption class=\"yb-caption\"><strong>Faktura w Holandii<\/strong><br>jak wystawi\u0107?<\/figcaption><\/figure>\n<\/div>\n\n\n\n<div class=\"wp-block-column is-layout-flow wp-block-column-is-layout-flow\">\n<figure style=\"--byeb--aspect-ratio:177.78%\" class=\"wp-block-boldblocks-youtube-block\"><div id=\"yb-video-py7AazKU80Y\" class=\"yb-player\" data-video-id=\"py7AazKU80Y\" data-title=\"Play\" style=\"background-image:url(https:\/\/efaktura.nl\/wp-content\/uploads\/faktura-short-2.png)\"><button type=\"button\" class=\"yb-btn-play\"><span class=\"visually-hidden\">Play<\/span><\/button><\/div><figcaption class=\"yb-caption\">Kto mo\u017ce <strong><a href=\"https:\/\/efaktura.nl\/pl\/jak-zalozyc-firme-w-holandii\" title=\"Jak za\u0142o\u017cy\u0107 firm\u0119 w Holandii\" style=\"color:rgb(99, 92, 113) !important;\">za\u0142o\u017cy\u0107 firm\u0119 w Holandii<\/a>?<\/strong><\/figcaption><\/figure>\n<\/div>\n\n\n\n<div class=\"wp-block-column is-layout-flow wp-block-column-is-layout-flow\">\n<figure style=\"--byeb--aspect-ratio:177.78%\" class=\"wp-block-boldblocks-youtube-block\"><div id=\"yb-video-g3J6B-TCbLQ\" class=\"yb-player\" data-video-id=\"g3J6B-TCbLQ\" data-title=\"Play\" style=\"background-image:url(https:\/\/efaktura.nl\/wp-content\/uploads\/faktura-short-3.png)\"><button type=\"button\" class=\"yb-btn-play\"><span class=\"visually-hidden\">Play<\/span><\/button><\/div><figcaption class=\"yb-caption\"><strong>Przechowywanie<\/strong> faktury papierowej<\/figcaption><\/figure>\n<\/div>\n\n\n\n<div class=\"wp-block-column is-layout-flow wp-block-column-is-layout-flow\">\n<figure style=\"--byeb--aspect-ratio:177.78%\" class=\"wp-block-boldblocks-youtube-block\"><div id=\"yb-video-MsyirvPIHKI\" class=\"yb-player\" data-video-id=\"MsyirvPIHKI\" data-title=\"Play\" style=\"background-image:url(https:\/\/efaktura.nl\/wp-content\/uploads\/faktura-short-4.png)\"><button type=\"button\" class=\"yb-btn-play\"><span class=\"visually-hidden\">Play<\/span><\/button><\/div><figcaption class=\"yb-caption\"><strong>Faktura w Holandii<br><\/strong>co powinna zawiera\u0107?<\/figcaption><\/figure>\n<\/div>\n\n\n\n<div class=\"wp-block-column is-layout-flow wp-block-column-is-layout-flow\">\n<figure style=\"--byeb--aspect-ratio:177.78%\" class=\"wp-block-boldblocks-youtube-block\"><div id=\"yb-video-93sk7OfrngY\" class=\"yb-player\" data-video-id=\"93sk7OfrngY\" data-title=\"Play\" style=\"background-image:url(https:\/\/efaktura.nl\/wp-content\/uploads\/faktura-short-5.png)\"><button type=\"button\" class=\"yb-btn-play\"><span class=\"visually-hidden\">Play<\/span><\/button><\/div><figcaption class=\"yb-caption\"><strong>Termin p\u0142atno\u015bci faktury<\/strong><\/figcaption><\/figure>\n<\/div>\n<\/div>\n\n\n\n<p class=\"dalejprzesun1\">Dalej<\/p>\n<\/div>\n\n\n\n<div style=\"height:100px;width:0px\" aria-hidden=\"true\" class=\"wp-block-spacer\"><\/div>\n\n\n\n<div class=\"wp-block-group has-white-color has-text-color has-background\" style=\"background-color:#465e79\"><div class=\"wp-block-group__inner-container is-layout-constrained wp-block-group-is-layout-constrained\">\n<div class=\"wp-block-columns is-layout-flex wp-container-core-columns-is-layout-8f761849 wp-block-columns-is-layout-flex\">\n<div class=\"wp-block-column is-layout-flow wp-block-column-is-layout-flow\" style=\"--col-width:100%;flex-basis:100%\"><div class=\"wp-block-image\">\n<figure class=\"aligncenter size-large is-resized\"><img loading=\"lazy\" decoding=\"async\" width=\"397\" height=\"37\" src=\"https:\/\/efaktura.nl\/wp-content\/uploads\/accountat.svg\" alt=\"Ksi\u0119gowo\u015b\u0107 w Holandii\" class=\"wp-image-31744\" style=\"width:300px\"\/><\/figure>\n<\/div>\n\n\n<h2 class=\"wp-block-heading has-text-align-center center\">Daj dost\u0119p do faktur ksi\u0119gowemu<\/h2>\n\n\n\n<p class=\"has-text-align-center center wp-block-paragraph\">W ustawieniach aplikacji wy\u015blij zaproszenie ksi\u0119gowemu do korzystania z panelu eFaktura.nl Accountant.<br>Tw\u00f3j <a href=\"http:\/\/efaktura.nl\/pl\/polska-ksiegowa-w-holandii\" title=\"Ksi\u0119gowy Holandia\" style=\"color:#fff !important;\">ksi\u0119gowy<\/a> b\u0119dzie mia\u0142 sta\u0142y dost\u0119p do faktur i koszt\u00f3w, dzi\u0119ki czemu unikniesz dodatkowego obowi\u0105zku dostarczania pe\u0142nej dokumentacji do rozlicze\u0144.<\/p>\n<\/div>\n<\/div>\n\n\n\n<div class=\"wp-block-buttons is-content-justification-center is-layout-flex wp-container-core-buttons-is-layout-fe48e5de wp-block-buttons-is-layout-flex\">\n<div class=\"wp-block-button\"><a class=\"wp-block-button__link wp-element-button\" href=\"https:\/\/app.efaktura.nl\/?lang=pl#\/register\">CHC\u0118 UDOST\u0118PNI\u0106 DOKUMENTY<\/a><\/div>\n<\/div>\n<\/div><\/div>\n\n\n\n<div style=\"height:50px\" aria-hidden=\"true\" class=\"wp-block-spacer\"><\/div>\n\n\n\n<div class=\"wp-block-group w1100\"><div class=\"wp-block-group__inner-container is-layout-constrained wp-block-group-is-layout-constrained\">\n<h2 class=\"wp-block-heading\">FAQ<\/h2>\n\n\n\n<div style=\"height:25px\" aria-hidden=\"true\" class=\"wp-block-spacer\"><\/div>\n\n\n\n<div class=\"schema-faq wp-block-yoast-faq-block\"><div class=\"schema-faq-section\" id=\"faq-question-1698663421844\"><strong class=\"schema-faq-question\">Jakie stawki VAT obowi\u0105zuj\u0105 na fakturach w Holandii?<\/strong> <p class=\"schema-faq-answer\">&#8211; 21% \u2013 standardowa.<br\/>&#8211; 9% \u2013 obni\u017cona (\u017cywno\u015b\u0107, ksi\u0105\u017cki, leki).<br\/>&#8211; 0% \u2013 eksport i dostawy wewn\u0105trz UE.<\/p> <\/div> <div class=\"schema-faq-section\" id=\"faq-question-1698663687129\"><strong class=\"schema-faq-question\">Jakie stawki VAT obowi\u0105zuj\u0105 na fakturach w Belgii?<\/strong> <p class=\"schema-faq-answer\">&#8211; 21% \u2013 standardowa.<br\/>&#8211; 12% \u2013 po\u015brednia (mieszkania socjalne, gastronomia).<br\/>&#8211; 6% \u2013 obni\u017cona (\u017cywno\u015b\u0107, ksi\u0105\u017cki, remonty).<br\/>&#8211; 0% \u2013 eksport i dostawy wewn\u0105trz UE.<\/p> <\/div> <div class=\"schema-faq-section\" id=\"faq-question-1698663699152\"><strong class=\"schema-faq-question\">Jakie stawki VAT obowi\u0105zuj\u0105 na fakturach w Niemczech?<\/strong> <p class=\"schema-faq-answer\">&#8211; 19% \u2013 standardowa.<br\/>&#8211; 7% \u2013 obni\u017cona (\u017cywno\u015b\u0107, ksi\u0105\u017cki, kultura).<\/p> <\/div> <div class=\"schema-faq-section\" id=\"faq-question-1698664492091\"><strong class=\"schema-faq-question\">W jakim j\u0119zyku mog\u0119 wystawi\u0107 faktur\u0119 w eFaktura.nl?<\/strong> <p class=\"schema-faq-answer\">W eFaktura.nl faktury mo\u017cna wystawia\u0107 po niderlandzku, angielsku, niemiecku lub francusku.<\/p> <\/div> <div class=\"schema-faq-section\" id=\"faq-question-1698664510095\"><strong class=\"schema-faq-question\">Kiedy mog\u0119 zacz\u0105\u0107 u\u017cywa\u0107 aplikacji eFaktura.nl?<\/strong> <p class=\"schema-faq-answer\">Mo\u017cesz zacz\u0105\u0107 u\u017cywa\u0107 aplikacji do faktur w dowolnym momencie roku. Zwr\u00f3\u0107 tylko uwag\u0119 na numeracj\u0119 faktur, kt\u00f3ra musi by\u0107 kontynuowana. Sw\u00f3j pierwszy numer faktury w eFaktura.nl mo\u017cesz wybra\u0107 r\u0119cznie w ustawieniach.\u00a0<\/p> <\/div> <div class=\"schema-faq-section\" id=\"faq-question-1698664525277\"><strong class=\"schema-faq-question\">Czy mog\u0119 u\u017cywa\u0107 eFaktura.nl na komputerze?<\/strong> <p class=\"schema-faq-answer\">Tak, eFaktura.nl dzia\u0142a na komputerach i urz\u0105dzeniach mobilnych (w formie aplikacji i w przegl\u0105darce internetowej). Bez wzgl\u0119du na to, jakie urz\u0105dzenie wybierzesz, dane Twojego konta b\u0119d\u0105 zawsze zsynchronizowane.<\/p> <\/div> <div class=\"schema-faq-section\" id=\"faq-question-1698664567325\"><strong class=\"schema-faq-question\">W jakich formatach s\u0105 zapisywane faktury w eFaktura.nl?<\/strong> <p class=\"schema-faq-answer\">&#8211; PDF \u2013 powszechny format do udost\u0119pniania<br\/>&#8211; XLS \u2013 format do zestawie\u0144 w arkuszach kalkulacyjnych<br\/>&#8211; XML \u2013 wystandaryzowany format faktury elektronicznej UBL (universal business language) do automatycznego przetwarzania.<\/p> <\/div> <div class=\"schema-faq-section\" id=\"faq-question-1740680951983\"><strong class=\"schema-faq-question\">Co to jest faktura elektroniczna?<\/strong> <p class=\"schema-faq-answer\">To faktura zapisana w formacie XML, kt\u00f3ra spe\u0142nia wymagania normy EN 16931 o fakturach elektronicznych umo\u017cliwiaj\u0105cych integracj\u0119 z europejskim systemem Peppol.<\/p> <\/div> <div class=\"schema-faq-section\" id=\"faq-question-1740680964622\"><strong class=\"schema-faq-question\">Jak udost\u0119pni\u0107 moje faktury w eFaktura.nl ksi\u0119gowemu?<\/strong> <p class=\"schema-faq-answer\">Mo\u017cesz pobra\u0107 potrzebne dokumenty i przes\u0142a\u0107 je na adres biura rachunkowego lub skorzysta\u0107 z automatyzacji udost\u0119pniaj\u0105c ksi\u0119gowemu bie\u017c\u0105cy dost\u0119p do dokument\u00f3w. Wtedy ksi\u0119gowy samodzielnie pobierze faktury do rozlicze\u0144. W ustawieniach aplikacji podaj adres email i wy\u015blij mu zaproszenie.<\/p> <\/div> <div class=\"schema-faq-section\" id=\"faq-question-1740680980260\"><strong class=\"schema-faq-question\">Co to jest faktura z odwrotnym obci\u0105\u017ceniem?<\/strong> <p class=\"schema-faq-answer\">Faktura z odwrotnym obci\u0105\u017ceniem przenosi obowi\u0105zek rozliczenia VAT na nabywc\u0119, wi\u0119c sprzedawca wystawia faktur\u0119 bez naliczonego podatku. Stosuje si\u0119 j\u0105 g\u0142\u00f3wnie w transakcjach B2B w UE lub dla okre\u015blonych towar\u00f3w i us\u0142ug.<\/p> <\/div> <\/div>\n<\/div><\/div>\n\n\n\n<div class=\"wp-block-group\"><div class=\"wp-block-group__inner-container is-layout-constrained wp-block-group-is-layout-constrained\">\n<h2 class=\"wp-block-heading has-text-align-center\">Za\u0142\u00f3\u017c darmowe konto i przez <span class=\"mark\">30 dni<\/span><br>testuj swobodnie wszystkie<br>mo\u017cliwo\u015bci systemu.<\/h2>\n\n\n\n<p class=\"has-text-align-center wstep wp-block-paragraph\">Po okresie pr\u00f3bnym wybierz pakiet najlepiej pasuj\u0105cy do Twojej firmy.<br>Masz w\u0105tpliwo\u015bci?<\/p>\n\n\n\n<div style=\"height:30px\" aria-hidden=\"true\" class=\"wp-block-spacer\"><\/div>\n\n\n\n<div class=\"wp-block-buttons is-content-justification-center is-layout-flex wp-container-core-buttons-is-layout-fe48e5de wp-block-buttons-is-layout-flex\">\n<div class=\"wp-block-button\"><a class=\"wp-block-button__link wp-element-button\" href=\"https:\/\/app.efaktura.nl\/?lang=pl#\/register\" target=\"_blank\" rel=\"nofollow noopener\">Zak\u0142adam darmowe konto<\/a><\/div>\n<\/div>\n<\/div><\/div>\n\n\n\n<div class=\"wp-block-group w1100 has-background\" style=\"background-color:#f2f2f2\"><div class=\"wp-block-group__inner-container is-layout-constrained wp-block-group-is-layout-constrained\">\n<h2 class=\"wp-block-heading center has-big-font-size\">Dowiedz si\u0119 wi\u0119cej<\/h2>\n\n\n\n<div style=\"height:25px\" aria-hidden=\"true\" class=\"wp-block-spacer\"><\/div>\n\n\n\n<div class=\"wp-block-query is-layout-flow wp-block-query-is-layout-flow\"><ul class=\"columns-3 wp-block-post-template is-layout-grid wp-container-core-post-template-is-layout-0fed8f92 wp-block-post-template-is-layout-grid\"><li class=\"wp-block-post post-61874 post type-post status-publish format-standard has-post-thumbnail hentry category-notatka tag-faktury tag-ksef tag-polacy-za-granica\">\n<figure class=\"aligncenter wp-block-post-featured-image\"><a href=\"https:\/\/efaktura.nl\/pl\/integracja-ksef-w-efaktura-nl\/\" target=\"_self\"  ><img loading=\"lazy\" decoding=\"async\" width=\"750\" height=\"500\" src=\"https:\/\/efaktura.nl\/wp-content\/uploads\/notatka_prasowa_KSeF_PL.jpg\" class=\"attachment-post-thumbnail size-post-thumbnail wp-post-image\" alt=\"Integracja KSeF w eFaktura.nl\" style=\"object-fit:cover;\" srcset=\"https:\/\/efaktura.nl\/wp-content\/uploads\/notatka_prasowa_KSeF_PL.jpg 750w, https:\/\/efaktura.nl\/wp-content\/uploads\/notatka_prasowa_KSeF_PL-300x200.jpg 300w\" sizes=\"auto, (max-width: 750px) 100vw, 750px\" \/><\/a><\/figure>\n\n<h3 class=\"has-text-align-center wp-block-post-title has-normal-font-size\"><a href=\"https:\/\/efaktura.nl\/pl\/integracja-ksef-w-efaktura-nl\/\" target=\"_self\" >Integracja KSeF w eFaktura.nl<\/a><\/h3>\n<\/li><li class=\"wp-block-post post-45573 post type-post status-publish format-standard has-post-thumbnail hentry category-administracja category-podatki tag-administracja-firmy-w-holandii tag-faktury tag-male-firmy tag-polacy-za-granica\">\n<figure class=\"aligncenter wp-block-post-featured-image\"><a href=\"https:\/\/efaktura.nl\/pl\/znaczenie-statusu-vat-przedsiebiorcy\/\" target=\"_self\"  ><img loading=\"lazy\" decoding=\"async\" width=\"750\" height=\"500\" src=\"https:\/\/efaktura.nl\/wp-content\/uploads\/okladka_blog_vat_PL1.jpg\" class=\"attachment-post-thumbnail size-post-thumbnail wp-post-image\" alt=\"Znaczenie statusu VAT przedsi\u0119biorcy\" style=\"object-fit:cover;\" srcset=\"https:\/\/efaktura.nl\/wp-content\/uploads\/okladka_blog_vat_PL1.jpg 750w, https:\/\/efaktura.nl\/wp-content\/uploads\/okladka_blog_vat_PL1-300x200.jpg 300w\" sizes=\"auto, (max-width: 750px) 100vw, 750px\" \/><\/a><\/figure>\n\n<h3 class=\"has-text-align-center wp-block-post-title has-normal-font-size\"><a href=\"https:\/\/efaktura.nl\/pl\/znaczenie-statusu-vat-przedsiebiorcy\/\" target=\"_self\" >Znaczenie statusu VAT przedsi\u0119biorcy<\/a><\/h3>\n<\/li><li class=\"wp-block-post post-43221 post type-post status-publish format-standard has-post-thumbnail hentry category-podatki category-zycie-za-granica tag-faktury tag-faktury-elektroniczne tag-firmy-na-a1 tag-ksef tag-male-firmy tag-polacy-za-granica tag-polskie-firmy\">\n<figure class=\"aligncenter wp-block-post-featured-image\"><a href=\"https:\/\/efaktura.nl\/pl\/jak-dziala-krajowy-system-e-faktur\/\" target=\"_self\"  ><img loading=\"lazy\" decoding=\"async\" width=\"750\" height=\"500\" src=\"https:\/\/efaktura.nl\/wp-content\/uploads\/okladka_blog_KSEF_przewodnik_03.jpg\" class=\"attachment-post-thumbnail size-post-thumbnail wp-post-image\" alt=\"Jak dzia\u0142a Krajowy System e-Faktur?\" style=\"object-fit:cover;\" srcset=\"https:\/\/efaktura.nl\/wp-content\/uploads\/okladka_blog_KSEF_przewodnik_03.jpg 750w, https:\/\/efaktura.nl\/wp-content\/uploads\/okladka_blog_KSEF_przewodnik_03-300x200.jpg 300w\" sizes=\"auto, (max-width: 750px) 100vw, 750px\" \/><\/a><\/figure>\n\n<h3 class=\"has-text-align-center wp-block-post-title has-normal-font-size\"><a href=\"https:\/\/efaktura.nl\/pl\/jak-dziala-krajowy-system-e-faktur\/\" target=\"_self\" >Jak dzia\u0142a Krajowy System e-Faktur?<\/a><\/h3>\n<\/li><\/ul><\/div>\n<\/div><\/div>\n","protected":false},"excerpt":{"rendered":"<p>Wystawianie faktur to najprzyjemniejsza cz\u0119\u015b\u0107 prowadzenia firmy! U\u017cywaj mobilnie Wystawiaj i wysy\u0142aj tak, jak lubisz \u2013 z aplikacji w telefonie i w przegl\u0105darce komputera. Fakturuj w swoim j\u0119zyku&#8230;<\/p>\n","protected":false},"author":7,"featured_media":0,"parent":0,"menu_order":0,"comment_status":"closed","ping_status":"closed","template":"export.php","meta":{"_acf_changed":false,"_crdt_document":"","inline_featured_image":false,"footnotes":""},"class_list":["post-31630","page","type-page","status-publish","hentry"],"acf":[],"yoast_head":"<!-- This site is optimized with the Yoast SEO plugin v27.4 - https:\/\/yoast.com\/product\/yoast-seo-wordpress\/ -->\n<title>Faktury i ksi\u0119gowo\u015b\u0107 Holandia, Belgia, Niemcy - eFaktura.nl<\/title>\n<meta name=\"description\" content=\"Wystawianie faktur i ksi\u0119gowo\u015b\u0107 w Twojej firmie w Holandii, czy Belgii mog\u0105 by\u0107 proste i przyjemne dzi\u0119ki aplikacji eFaktura.\" \/>\n<meta name=\"robots\" content=\"index, follow, max-snippet:-1, max-image-preview:large, max-video-preview:-1\" \/>\n<link rel=\"canonical\" href=\"https:\/\/efaktura.nl\/pl\/faktury\/\" \/>\n<meta property=\"og:locale\" content=\"pl_PL\" \/>\n<meta property=\"og:type\" content=\"article\" \/>\n<meta property=\"og:title\" content=\"Faktury i ksi\u0119gowo\u015b\u0107 Holandia, Belgia, Niemcy - eFaktura.nl\" \/>\n<meta property=\"og:description\" content=\"Wystawianie faktur i ksi\u0119gowo\u015b\u0107 w Twojej firmie w Holandii, czy Belgii mog\u0105 by\u0107 proste i przyjemne dzi\u0119ki aplikacji eFaktura.\" \/>\n<meta property=\"og:url\" content=\"https:\/\/efaktura.nl\/pl\/faktury\/\" \/>\n<meta property=\"og:site_name\" content=\"eFaktura.nl\" \/>\n<meta property=\"article:publisher\" content=\"https:\/\/www.facebook.com\/efaktura.nl\" \/>\n<meta property=\"article:modified_time\" content=\"2025-07-18T13:36:16+00:00\" \/>\n<meta property=\"og:image\" content=\"https:\/\/efaktura.nl\/wp-content\/uploads\/mmb.png\" \/>\n\t<meta property=\"og:image:width\" content=\"661\" \/>\n\t<meta property=\"og:image:height\" content=\"661\" \/>\n\t<meta property=\"og:image:type\" content=\"image\/png\" \/>\n<meta name=\"twitter:card\" content=\"summary_large_image\" \/>\n<script type=\"application\/ld+json\" class=\"yoast-schema-graph\">{\"@context\":\"https:\\\/\\\/schema.org\",\"@graph\":[{\"@type\":[\"WebPage\",\"FAQPage\"],\"@id\":\"https:\\\/\\\/efaktura.nl\\\/pl\\\/faktury\\\/\",\"url\":\"https:\\\/\\\/efaktura.nl\\\/pl\\\/faktury\\\/\",\"name\":\"Faktury i ksi\u0119gowo\u015b\u0107 Holandia, Belgia, Niemcy - eFaktura.nl\",\"isPartOf\":{\"@id\":\"https:\\\/\\\/efaktura.nl\\\/pl\\\/#website\"},\"primaryImageOfPage\":{\"@id\":\"https:\\\/\\\/efaktura.nl\\\/pl\\\/faktury\\\/#primaryimage\"},\"image\":{\"@id\":\"https:\\\/\\\/efaktura.nl\\\/pl\\\/faktury\\\/#primaryimage\"},\"thumbnailUrl\":\"https:\\\/\\\/efaktura.nl\\\/wp-content\\\/uploads\\\/mmb2.png\",\"datePublished\":\"2025-02-26T19:59:04+00:00\",\"dateModified\":\"2025-07-18T13:36:16+00:00\",\"description\":\"Wystawianie faktur i ksi\u0119gowo\u015b\u0107 w Twojej firmie w Holandii, czy Belgii mog\u0105 by\u0107 proste i przyjemne dzi\u0119ki aplikacji eFaktura.\",\"breadcrumb\":{\"@id\":\"https:\\\/\\\/efaktura.nl\\\/pl\\\/faktury\\\/#breadcrumb\"},\"mainEntity\":[{\"@id\":\"https:\\\/\\\/efaktura.nl\\\/pl\\\/faktury\\\/#faq-question-1698663421844\"},{\"@id\":\"https:\\\/\\\/efaktura.nl\\\/pl\\\/faktury\\\/#faq-question-1698663687129\"},{\"@id\":\"https:\\\/\\\/efaktura.nl\\\/pl\\\/faktury\\\/#faq-question-1698663699152\"},{\"@id\":\"https:\\\/\\\/efaktura.nl\\\/pl\\\/faktury\\\/#faq-question-1698664492091\"},{\"@id\":\"https:\\\/\\\/efaktura.nl\\\/pl\\\/faktury\\\/#faq-question-1698664510095\"},{\"@id\":\"https:\\\/\\\/efaktura.nl\\\/pl\\\/faktury\\\/#faq-question-1698664525277\"},{\"@id\":\"https:\\\/\\\/efaktura.nl\\\/pl\\\/faktury\\\/#faq-question-1698664567325\"},{\"@id\":\"https:\\\/\\\/efaktura.nl\\\/pl\\\/faktury\\\/#faq-question-1740680951983\"},{\"@id\":\"https:\\\/\\\/efaktura.nl\\\/pl\\\/faktury\\\/#faq-question-1740680964622\"},{\"@id\":\"https:\\\/\\\/efaktura.nl\\\/pl\\\/faktury\\\/#faq-question-1740680980260\"}],\"inLanguage\":\"pl-PL\",\"potentialAction\":[{\"@type\":\"ReadAction\",\"target\":[\"https:\\\/\\\/efaktura.nl\\\/pl\\\/faktury\\\/\"]}]},{\"@type\":\"ImageObject\",\"inLanguage\":\"pl-PL\",\"@id\":\"https:\\\/\\\/efaktura.nl\\\/pl\\\/faktury\\\/#primaryimage\",\"url\":\"https:\\\/\\\/efaktura.nl\\\/wp-content\\\/uploads\\\/mmb2.png\",\"contentUrl\":\"https:\\\/\\\/efaktura.nl\\\/wp-content\\\/uploads\\\/mmb2.png\"},{\"@type\":\"BreadcrumbList\",\"@id\":\"https:\\\/\\\/efaktura.nl\\\/pl\\\/faktury\\\/#breadcrumb\",\"itemListElement\":[{\"@type\":\"ListItem\",\"position\":1,\"name\":\"Strona g\u0142\u00f3wna\",\"item\":\"https:\\\/\\\/efaktura.nl\\\/pl\\\/new-home\\\/\"},{\"@type\":\"ListItem\",\"position\":2,\"name\":\"Faktury\"}]},{\"@type\":\"WebSite\",\"@id\":\"https:\\\/\\\/efaktura.nl\\\/pl\\\/#website\",\"url\":\"https:\\\/\\\/efaktura.nl\\\/pl\\\/\",\"name\":\"eFaktura.nl\",\"description\":\"\",\"publisher\":{\"@id\":\"https:\\\/\\\/efaktura.nl\\\/pl\\\/#organization\"},\"potentialAction\":[{\"@type\":\"SearchAction\",\"target\":{\"@type\":\"EntryPoint\",\"urlTemplate\":\"https:\\\/\\\/efaktura.nl\\\/pl\\\/?s={search_term_string}\"},\"query-input\":{\"@type\":\"PropertyValueSpecification\",\"valueRequired\":true,\"valueName\":\"search_term_string\"}}],\"inLanguage\":\"pl-PL\"},{\"@type\":\"Organization\",\"@id\":\"https:\\\/\\\/efaktura.nl\\\/pl\\\/#organization\",\"name\":\"eFaktura\",\"url\":\"https:\\\/\\\/efaktura.nl\\\/pl\\\/\",\"logo\":{\"@type\":\"ImageObject\",\"inLanguage\":\"pl-PL\",\"@id\":\"https:\\\/\\\/efaktura.nl\\\/pl\\\/#\\\/schema\\\/logo\\\/image\\\/\",\"url\":\"https:\\\/\\\/efaktura.nl\\\/wp-content\\\/uploads\\\/logo-efaktura-25.svg\",\"contentUrl\":\"https:\\\/\\\/efaktura.nl\\\/wp-content\\\/uploads\\\/logo-efaktura-25.svg\",\"width\":264,\"height\":31,\"caption\":\"eFaktura\"},\"image\":{\"@id\":\"https:\\\/\\\/efaktura.nl\\\/pl\\\/#\\\/schema\\\/logo\\\/image\\\/\"},\"sameAs\":[\"https:\\\/\\\/www.facebook.com\\\/efaktura.nl\",\"https:\\\/\\\/www.instagram.com\\\/efaktura.eu\\\/\",\"https:\\\/\\\/www.youtube.com\\\/channel\\\/UCpx6sOnTCmDMkAG2QEyW9PA\"]},{\"@type\":\"Question\",\"@id\":\"https:\\\/\\\/efaktura.nl\\\/pl\\\/faktury\\\/#faq-question-1698663421844\",\"position\":1,\"url\":\"https:\\\/\\\/efaktura.nl\\\/pl\\\/faktury\\\/#faq-question-1698663421844\",\"name\":\"Jakie stawki VAT obowi\u0105zuj\u0105 na fakturach w Holandii?\",\"answerCount\":1,\"acceptedAnswer\":{\"@type\":\"Answer\",\"text\":\"- 21% \u2013 standardowa.<br\\\/>- 9% \u2013 obni\u017cona (\u017cywno\u015b\u0107, ksi\u0105\u017cki, leki).<br\\\/>- 0% \u2013 eksport i dostawy wewn\u0105trz UE.\",\"inLanguage\":\"pl-PL\"},\"inLanguage\":\"pl-PL\"},{\"@type\":\"Question\",\"@id\":\"https:\\\/\\\/efaktura.nl\\\/pl\\\/faktury\\\/#faq-question-1698663687129\",\"position\":2,\"url\":\"https:\\\/\\\/efaktura.nl\\\/pl\\\/faktury\\\/#faq-question-1698663687129\",\"name\":\"Jakie stawki VAT obowi\u0105zuj\u0105 na fakturach w Belgii?\",\"answerCount\":1,\"acceptedAnswer\":{\"@type\":\"Answer\",\"text\":\"- 21% \u2013 standardowa.<br\\\/>- 12% \u2013 po\u015brednia (mieszkania socjalne, gastronomia).<br\\\/>- 6% \u2013 obni\u017cona (\u017cywno\u015b\u0107, ksi\u0105\u017cki, remonty).<br\\\/>- 0% \u2013 eksport i dostawy wewn\u0105trz UE.\",\"inLanguage\":\"pl-PL\"},\"inLanguage\":\"pl-PL\"},{\"@type\":\"Question\",\"@id\":\"https:\\\/\\\/efaktura.nl\\\/pl\\\/faktury\\\/#faq-question-1698663699152\",\"position\":3,\"url\":\"https:\\\/\\\/efaktura.nl\\\/pl\\\/faktury\\\/#faq-question-1698663699152\",\"name\":\"Jakie stawki VAT obowi\u0105zuj\u0105 na fakturach w Niemczech?\",\"answerCount\":1,\"acceptedAnswer\":{\"@type\":\"Answer\",\"text\":\"- 19% \u2013 standardowa.<br\\\/>- 7% \u2013 obni\u017cona (\u017cywno\u015b\u0107, ksi\u0105\u017cki, kultura).\",\"inLanguage\":\"pl-PL\"},\"inLanguage\":\"pl-PL\"},{\"@type\":\"Question\",\"@id\":\"https:\\\/\\\/efaktura.nl\\\/pl\\\/faktury\\\/#faq-question-1698664492091\",\"position\":4,\"url\":\"https:\\\/\\\/efaktura.nl\\\/pl\\\/faktury\\\/#faq-question-1698664492091\",\"name\":\"W jakim j\u0119zyku mog\u0119 wystawi\u0107 faktur\u0119 w eFaktura.nl?\",\"answerCount\":1,\"acceptedAnswer\":{\"@type\":\"Answer\",\"text\":\"W eFaktura.nl faktury mo\u017cna wystawia\u0107 po niderlandzku, angielsku, niemiecku lub francusku.\",\"inLanguage\":\"pl-PL\"},\"inLanguage\":\"pl-PL\"},{\"@type\":\"Question\",\"@id\":\"https:\\\/\\\/efaktura.nl\\\/pl\\\/faktury\\\/#faq-question-1698664510095\",\"position\":5,\"url\":\"https:\\\/\\\/efaktura.nl\\\/pl\\\/faktury\\\/#faq-question-1698664510095\",\"name\":\"Kiedy mog\u0119 zacz\u0105\u0107 u\u017cywa\u0107 aplikacji eFaktura.nl?\",\"answerCount\":1,\"acceptedAnswer\":{\"@type\":\"Answer\",\"text\":\"Mo\u017cesz zacz\u0105\u0107 u\u017cywa\u0107 aplikacji do faktur w dowolnym momencie roku. Zwr\u00f3\u0107 tylko uwag\u0119 na numeracj\u0119 faktur, kt\u00f3ra musi by\u0107 kontynuowana. Sw\u00f3j pierwszy numer faktury w eFaktura.nl mo\u017cesz wybra\u0107 r\u0119cznie w ustawieniach.\u00a0\",\"inLanguage\":\"pl-PL\"},\"inLanguage\":\"pl-PL\"},{\"@type\":\"Question\",\"@id\":\"https:\\\/\\\/efaktura.nl\\\/pl\\\/faktury\\\/#faq-question-1698664525277\",\"position\":6,\"url\":\"https:\\\/\\\/efaktura.nl\\\/pl\\\/faktury\\\/#faq-question-1698664525277\",\"name\":\"Czy mog\u0119 u\u017cywa\u0107 eFaktura.nl na komputerze?\",\"answerCount\":1,\"acceptedAnswer\":{\"@type\":\"Answer\",\"text\":\"Tak, eFaktura.nl dzia\u0142a na komputerach i urz\u0105dzeniach mobilnych (w formie aplikacji i w przegl\u0105darce internetowej). Bez wzgl\u0119du na to, jakie urz\u0105dzenie wybierzesz, dane Twojego konta b\u0119d\u0105 zawsze zsynchronizowane.\",\"inLanguage\":\"pl-PL\"},\"inLanguage\":\"pl-PL\"},{\"@type\":\"Question\",\"@id\":\"https:\\\/\\\/efaktura.nl\\\/pl\\\/faktury\\\/#faq-question-1698664567325\",\"position\":7,\"url\":\"https:\\\/\\\/efaktura.nl\\\/pl\\\/faktury\\\/#faq-question-1698664567325\",\"name\":\"W jakich formatach s\u0105 zapisywane faktury w eFaktura.nl?\",\"answerCount\":1,\"acceptedAnswer\":{\"@type\":\"Answer\",\"text\":\"- PDF \u2013 powszechny format do udost\u0119pniania<br\\\/>- XLS \u2013 format do zestawie\u0144 w arkuszach kalkulacyjnych<br\\\/>- XML \u2013 wystandaryzowany format faktury elektronicznej UBL (universal business language) do automatycznego przetwarzania.\",\"inLanguage\":\"pl-PL\"},\"inLanguage\":\"pl-PL\"},{\"@type\":\"Question\",\"@id\":\"https:\\\/\\\/efaktura.nl\\\/pl\\\/faktury\\\/#faq-question-1740680951983\",\"position\":8,\"url\":\"https:\\\/\\\/efaktura.nl\\\/pl\\\/faktury\\\/#faq-question-1740680951983\",\"name\":\"Co to jest faktura elektroniczna?\",\"answerCount\":1,\"acceptedAnswer\":{\"@type\":\"Answer\",\"text\":\"To faktura zapisana w formacie XML, kt\u00f3ra spe\u0142nia wymagania normy EN 16931 o fakturach elektronicznych umo\u017cliwiaj\u0105cych integracj\u0119 z europejskim systemem Peppol.\",\"inLanguage\":\"pl-PL\"},\"inLanguage\":\"pl-PL\"},{\"@type\":\"Question\",\"@id\":\"https:\\\/\\\/efaktura.nl\\\/pl\\\/faktury\\\/#faq-question-1740680964622\",\"position\":9,\"url\":\"https:\\\/\\\/efaktura.nl\\\/pl\\\/faktury\\\/#faq-question-1740680964622\",\"name\":\"Jak udost\u0119pni\u0107 moje faktury w eFaktura.nl ksi\u0119gowemu?\",\"answerCount\":1,\"acceptedAnswer\":{\"@type\":\"Answer\",\"text\":\"Mo\u017cesz pobra\u0107 potrzebne dokumenty i przes\u0142a\u0107 je na adres biura rachunkowego lub skorzysta\u0107 z automatyzacji udost\u0119pniaj\u0105c ksi\u0119gowemu bie\u017c\u0105cy dost\u0119p do dokument\u00f3w. Wtedy ksi\u0119gowy samodzielnie pobierze faktury do rozlicze\u0144. W ustawieniach aplikacji podaj adres email i wy\u015blij mu zaproszenie.\",\"inLanguage\":\"pl-PL\"},\"inLanguage\":\"pl-PL\"},{\"@type\":\"Question\",\"@id\":\"https:\\\/\\\/efaktura.nl\\\/pl\\\/faktury\\\/#faq-question-1740680980260\",\"position\":10,\"url\":\"https:\\\/\\\/efaktura.nl\\\/pl\\\/faktury\\\/#faq-question-1740680980260\",\"name\":\"Co to jest faktura z odwrotnym obci\u0105\u017ceniem?\",\"answerCount\":1,\"acceptedAnswer\":{\"@type\":\"Answer\",\"text\":\"Faktura z odwrotnym obci\u0105\u017ceniem przenosi obowi\u0105zek rozliczenia VAT na nabywc\u0119, wi\u0119c sprzedawca wystawia faktur\u0119 bez naliczonego podatku. Stosuje si\u0119 j\u0105 g\u0142\u00f3wnie w transakcjach B2B w UE lub dla okre\u015blonych towar\u00f3w i us\u0142ug.\",\"inLanguage\":\"pl-PL\"},\"inLanguage\":\"pl-PL\"}]}<\/script>\n<!-- \/ Yoast SEO plugin. -->","yoast_head_json":{"title":"Faktury i ksi\u0119gowo\u015b\u0107 Holandia, Belgia, Niemcy - eFaktura.nl","description":"Wystawianie faktur i ksi\u0119gowo\u015b\u0107 w Twojej firmie w Holandii, czy Belgii mog\u0105 by\u0107 proste i przyjemne dzi\u0119ki aplikacji eFaktura.","robots":{"index":"index","follow":"follow","max-snippet":"max-snippet:-1","max-image-preview":"max-image-preview:large","max-video-preview":"max-video-preview:-1"},"canonical":"https:\/\/efaktura.nl\/pl\/faktury\/","og_locale":"pl_PL","og_type":"article","og_title":"Faktury i ksi\u0119gowo\u015b\u0107 Holandia, Belgia, Niemcy - eFaktura.nl","og_description":"Wystawianie faktur i ksi\u0119gowo\u015b\u0107 w Twojej firmie w Holandii, czy Belgii mog\u0105 by\u0107 proste i przyjemne dzi\u0119ki aplikacji eFaktura.","og_url":"https:\/\/efaktura.nl\/pl\/faktury\/","og_site_name":"eFaktura.nl","article_publisher":"https:\/\/www.facebook.com\/efaktura.nl","article_modified_time":"2025-07-18T13:36:16+00:00","og_image":[{"width":661,"height":661,"url":"https:\/\/efaktura.nl\/wp-content\/uploads\/mmb.png","type":"image\/png"}],"twitter_card":"summary_large_image","schema":{"@context":"https:\/\/schema.org","@graph":[{"@type":["WebPage","FAQPage"],"@id":"https:\/\/efaktura.nl\/pl\/faktury\/","url":"https:\/\/efaktura.nl\/pl\/faktury\/","name":"Faktury i ksi\u0119gowo\u015b\u0107 Holandia, Belgia, Niemcy - eFaktura.nl","isPartOf":{"@id":"https:\/\/efaktura.nl\/pl\/#website"},"primaryImageOfPage":{"@id":"https:\/\/efaktura.nl\/pl\/faktury\/#primaryimage"},"image":{"@id":"https:\/\/efaktura.nl\/pl\/faktury\/#primaryimage"},"thumbnailUrl":"https:\/\/efaktura.nl\/wp-content\/uploads\/mmb2.png","datePublished":"2025-02-26T19:59:04+00:00","dateModified":"2025-07-18T13:36:16+00:00","description":"Wystawianie faktur i ksi\u0119gowo\u015b\u0107 w Twojej firmie w Holandii, czy Belgii mog\u0105 by\u0107 proste i przyjemne dzi\u0119ki aplikacji eFaktura.","breadcrumb":{"@id":"https:\/\/efaktura.nl\/pl\/faktury\/#breadcrumb"},"mainEntity":[{"@id":"https:\/\/efaktura.nl\/pl\/faktury\/#faq-question-1698663421844"},{"@id":"https:\/\/efaktura.nl\/pl\/faktury\/#faq-question-1698663687129"},{"@id":"https:\/\/efaktura.nl\/pl\/faktury\/#faq-question-1698663699152"},{"@id":"https:\/\/efaktura.nl\/pl\/faktury\/#faq-question-1698664492091"},{"@id":"https:\/\/efaktura.nl\/pl\/faktury\/#faq-question-1698664510095"},{"@id":"https:\/\/efaktura.nl\/pl\/faktury\/#faq-question-1698664525277"},{"@id":"https:\/\/efaktura.nl\/pl\/faktury\/#faq-question-1698664567325"},{"@id":"https:\/\/efaktura.nl\/pl\/faktury\/#faq-question-1740680951983"},{"@id":"https:\/\/efaktura.nl\/pl\/faktury\/#faq-question-1740680964622"},{"@id":"https:\/\/efaktura.nl\/pl\/faktury\/#faq-question-1740680980260"}],"inLanguage":"pl-PL","potentialAction":[{"@type":"ReadAction","target":["https:\/\/efaktura.nl\/pl\/faktury\/"]}]},{"@type":"ImageObject","inLanguage":"pl-PL","@id":"https:\/\/efaktura.nl\/pl\/faktury\/#primaryimage","url":"https:\/\/efaktura.nl\/wp-content\/uploads\/mmb2.png","contentUrl":"https:\/\/efaktura.nl\/wp-content\/uploads\/mmb2.png"},{"@type":"BreadcrumbList","@id":"https:\/\/efaktura.nl\/pl\/faktury\/#breadcrumb","itemListElement":[{"@type":"ListItem","position":1,"name":"Strona g\u0142\u00f3wna","item":"https:\/\/efaktura.nl\/pl\/new-home\/"},{"@type":"ListItem","position":2,"name":"Faktury"}]},{"@type":"WebSite","@id":"https:\/\/efaktura.nl\/pl\/#website","url":"https:\/\/efaktura.nl\/pl\/","name":"eFaktura.nl","description":"","publisher":{"@id":"https:\/\/efaktura.nl\/pl\/#organization"},"potentialAction":[{"@type":"SearchAction","target":{"@type":"EntryPoint","urlTemplate":"https:\/\/efaktura.nl\/pl\/?s={search_term_string}"},"query-input":{"@type":"PropertyValueSpecification","valueRequired":true,"valueName":"search_term_string"}}],"inLanguage":"pl-PL"},{"@type":"Organization","@id":"https:\/\/efaktura.nl\/pl\/#organization","name":"eFaktura","url":"https:\/\/efaktura.nl\/pl\/","logo":{"@type":"ImageObject","inLanguage":"pl-PL","@id":"https:\/\/efaktura.nl\/pl\/#\/schema\/logo\/image\/","url":"https:\/\/efaktura.nl\/wp-content\/uploads\/logo-efaktura-25.svg","contentUrl":"https:\/\/efaktura.nl\/wp-content\/uploads\/logo-efaktura-25.svg","width":264,"height":31,"caption":"eFaktura"},"image":{"@id":"https:\/\/efaktura.nl\/pl\/#\/schema\/logo\/image\/"},"sameAs":["https:\/\/www.facebook.com\/efaktura.nl","https:\/\/www.instagram.com\/efaktura.eu\/","https:\/\/www.youtube.com\/channel\/UCpx6sOnTCmDMkAG2QEyW9PA"]},{"@type":"Question","@id":"https:\/\/efaktura.nl\/pl\/faktury\/#faq-question-1698663421844","position":1,"url":"https:\/\/efaktura.nl\/pl\/faktury\/#faq-question-1698663421844","name":"Jakie stawki VAT obowi\u0105zuj\u0105 na fakturach w Holandii?","answerCount":1,"acceptedAnswer":{"@type":"Answer","text":"- 21% \u2013 standardowa.<br\/>- 9% \u2013 obni\u017cona (\u017cywno\u015b\u0107, ksi\u0105\u017cki, leki).<br\/>- 0% \u2013 eksport i dostawy wewn\u0105trz UE.","inLanguage":"pl-PL"},"inLanguage":"pl-PL"},{"@type":"Question","@id":"https:\/\/efaktura.nl\/pl\/faktury\/#faq-question-1698663687129","position":2,"url":"https:\/\/efaktura.nl\/pl\/faktury\/#faq-question-1698663687129","name":"Jakie stawki VAT obowi\u0105zuj\u0105 na fakturach w Belgii?","answerCount":1,"acceptedAnswer":{"@type":"Answer","text":"- 21% \u2013 standardowa.<br\/>- 12% \u2013 po\u015brednia (mieszkania socjalne, gastronomia).<br\/>- 6% \u2013 obni\u017cona (\u017cywno\u015b\u0107, ksi\u0105\u017cki, remonty).<br\/>- 0% \u2013 eksport i dostawy wewn\u0105trz UE.","inLanguage":"pl-PL"},"inLanguage":"pl-PL"},{"@type":"Question","@id":"https:\/\/efaktura.nl\/pl\/faktury\/#faq-question-1698663699152","position":3,"url":"https:\/\/efaktura.nl\/pl\/faktury\/#faq-question-1698663699152","name":"Jakie stawki VAT obowi\u0105zuj\u0105 na fakturach w Niemczech?","answerCount":1,"acceptedAnswer":{"@type":"Answer","text":"- 19% \u2013 standardowa.<br\/>- 7% \u2013 obni\u017cona (\u017cywno\u015b\u0107, ksi\u0105\u017cki, kultura).","inLanguage":"pl-PL"},"inLanguage":"pl-PL"},{"@type":"Question","@id":"https:\/\/efaktura.nl\/pl\/faktury\/#faq-question-1698664492091","position":4,"url":"https:\/\/efaktura.nl\/pl\/faktury\/#faq-question-1698664492091","name":"W jakim j\u0119zyku mog\u0119 wystawi\u0107 faktur\u0119 w eFaktura.nl?","answerCount":1,"acceptedAnswer":{"@type":"Answer","text":"W eFaktura.nl faktury mo\u017cna wystawia\u0107 po niderlandzku, angielsku, niemiecku lub francusku.","inLanguage":"pl-PL"},"inLanguage":"pl-PL"},{"@type":"Question","@id":"https:\/\/efaktura.nl\/pl\/faktury\/#faq-question-1698664510095","position":5,"url":"https:\/\/efaktura.nl\/pl\/faktury\/#faq-question-1698664510095","name":"Kiedy mog\u0119 zacz\u0105\u0107 u\u017cywa\u0107 aplikacji eFaktura.nl?","answerCount":1,"acceptedAnswer":{"@type":"Answer","text":"Mo\u017cesz zacz\u0105\u0107 u\u017cywa\u0107 aplikacji do faktur w dowolnym momencie roku. Zwr\u00f3\u0107 tylko uwag\u0119 na numeracj\u0119 faktur, kt\u00f3ra musi by\u0107 kontynuowana. Sw\u00f3j pierwszy numer faktury w eFaktura.nl mo\u017cesz wybra\u0107 r\u0119cznie w ustawieniach.\u00a0","inLanguage":"pl-PL"},"inLanguage":"pl-PL"},{"@type":"Question","@id":"https:\/\/efaktura.nl\/pl\/faktury\/#faq-question-1698664525277","position":6,"url":"https:\/\/efaktura.nl\/pl\/faktury\/#faq-question-1698664525277","name":"Czy mog\u0119 u\u017cywa\u0107 eFaktura.nl na komputerze?","answerCount":1,"acceptedAnswer":{"@type":"Answer","text":"Tak, eFaktura.nl dzia\u0142a na komputerach i urz\u0105dzeniach mobilnych (w formie aplikacji i w przegl\u0105darce internetowej). Bez wzgl\u0119du na to, jakie urz\u0105dzenie wybierzesz, dane Twojego konta b\u0119d\u0105 zawsze zsynchronizowane.","inLanguage":"pl-PL"},"inLanguage":"pl-PL"},{"@type":"Question","@id":"https:\/\/efaktura.nl\/pl\/faktury\/#faq-question-1698664567325","position":7,"url":"https:\/\/efaktura.nl\/pl\/faktury\/#faq-question-1698664567325","name":"W jakich formatach s\u0105 zapisywane faktury w eFaktura.nl?","answerCount":1,"acceptedAnswer":{"@type":"Answer","text":"- PDF \u2013 powszechny format do udost\u0119pniania<br\/>- XLS \u2013 format do zestawie\u0144 w arkuszach kalkulacyjnych<br\/>- XML \u2013 wystandaryzowany format faktury elektronicznej UBL (universal business language) do automatycznego przetwarzania.","inLanguage":"pl-PL"},"inLanguage":"pl-PL"},{"@type":"Question","@id":"https:\/\/efaktura.nl\/pl\/faktury\/#faq-question-1740680951983","position":8,"url":"https:\/\/efaktura.nl\/pl\/faktury\/#faq-question-1740680951983","name":"Co to jest faktura elektroniczna?","answerCount":1,"acceptedAnswer":{"@type":"Answer","text":"To faktura zapisana w formacie XML, kt\u00f3ra spe\u0142nia wymagania normy EN 16931 o fakturach elektronicznych umo\u017cliwiaj\u0105cych integracj\u0119 z europejskim systemem Peppol.","inLanguage":"pl-PL"},"inLanguage":"pl-PL"},{"@type":"Question","@id":"https:\/\/efaktura.nl\/pl\/faktury\/#faq-question-1740680964622","position":9,"url":"https:\/\/efaktura.nl\/pl\/faktury\/#faq-question-1740680964622","name":"Jak udost\u0119pni\u0107 moje faktury w eFaktura.nl ksi\u0119gowemu?","answerCount":1,"acceptedAnswer":{"@type":"Answer","text":"Mo\u017cesz pobra\u0107 potrzebne dokumenty i przes\u0142a\u0107 je na adres biura rachunkowego lub skorzysta\u0107 z automatyzacji udost\u0119pniaj\u0105c ksi\u0119gowemu bie\u017c\u0105cy dost\u0119p do dokument\u00f3w. Wtedy ksi\u0119gowy samodzielnie pobierze faktury do rozlicze\u0144. W ustawieniach aplikacji podaj adres email i wy\u015blij mu zaproszenie.","inLanguage":"pl-PL"},"inLanguage":"pl-PL"},{"@type":"Question","@id":"https:\/\/efaktura.nl\/pl\/faktury\/#faq-question-1740680980260","position":10,"url":"https:\/\/efaktura.nl\/pl\/faktury\/#faq-question-1740680980260","name":"Co to jest faktura z odwrotnym obci\u0105\u017ceniem?","answerCount":1,"acceptedAnswer":{"@type":"Answer","text":"Faktura z odwrotnym obci\u0105\u017ceniem przenosi obowi\u0105zek rozliczenia VAT na nabywc\u0119, wi\u0119c sprzedawca wystawia faktur\u0119 bez naliczonego podatku. Stosuje si\u0119 j\u0105 g\u0142\u00f3wnie w transakcjach B2B w UE lub dla okre\u015blonych towar\u00f3w i us\u0142ug.","inLanguage":"pl-PL"},"inLanguage":"pl-PL"}]}},"_links":{"self":[{"href":"https:\/\/efaktura.nl\/pl\/wp-json\/wp\/v2\/pages\/31630","targetHints":{"allow":["GET"]}}],"collection":[{"href":"https:\/\/efaktura.nl\/pl\/wp-json\/wp\/v2\/pages"}],"about":[{"href":"https:\/\/efaktura.nl\/pl\/wp-json\/wp\/v2\/types\/page"}],"author":[{"embeddable":true,"href":"https:\/\/efaktura.nl\/pl\/wp-json\/wp\/v2\/users\/7"}],"replies":[{"embeddable":true,"href":"https:\/\/efaktura.nl\/pl\/wp-json\/wp\/v2\/comments?post=31630"}],"version-history":[{"count":33,"href":"https:\/\/efaktura.nl\/pl\/wp-json\/wp\/v2\/pages\/31630\/revisions"}],"predecessor-version":[{"id":36251,"href":"https:\/\/efaktura.nl\/pl\/wp-json\/wp\/v2\/pages\/31630\/revisions\/36251"}],"wp:attachment":[{"href":"https:\/\/efaktura.nl\/pl\/wp-json\/wp\/v2\/media?parent=31630"}],"curies":[{"name":"wp","href":"https:\/\/api.w.org\/{rel}","templated":true}]}}